{"id":15,"date":"2025-03-01T00:51:58","date_gmt":"2025-03-01T00:51:58","guid":{"rendered":"https:\/\/xavitanyaserveisintegrals.com\/?page_id=15"},"modified":"2025-05-21T20:50:40","modified_gmt":"2025-05-21T20:50:40","slug":"reformes-industrials","status":"publish","type":"page","link":"https:\/\/xavitanyaserveisintegrals.com\/es\/reformes-integrals\/reformes-industrials\/","title":{"rendered":"Reformas industriales"},"content":{"rendered":"<div data-elementor-type=\"wp-page\" data-elementor-id=\"15\" class=\"elementor elementor-15\" data-elementor-post-type=\"page\">\n\t\t\t\t<div class=\"elementor-element elementor-element-3f54571 e-flex e-con-boxed e-con e-parent\" data-id=\"3f54571\" data-element_type=\"container\" data-settings=\"{&quot;background_background&quot;:&quot;classic&quot;}\">\n\t\t\t\t\t<div class=\"e-con-inner\">\n\t\t<div class=\"elementor-element elementor-element-e025f3a e-con-full e-flex e-con e-child\" data-id=\"e025f3a\" data-element_type=\"container\">\n\t\t\t\t<div class=\"elementor-element elementor-element-7d08634 elementor-widget__width-initial elementor-widget elementor-widget-heading\" data-id=\"7d08634\" data-element_type=\"widget\" data-widget_type=\"heading.default\">\n\t\t\t\t\t<h2 class=\"elementor-heading-title elementor-size-default\">Reformas industriales integrales: Calidad y eficacia para tu industria\n<\/h2>\t\t\t\t<\/div>\n\t\t\t\t<div class=\"elementor-element elementor-element-1dea110 elementor-widget__width-initial elementor-widget elementor-widget-text-editor\" data-id=\"1dea110\" data-element_type=\"widget\" data-widget_type=\"text-editor.default\">\n\t\t\t\t\t\t\t\t\t<p><span style=\"font-weight: 400;\">En Xavi Tany\u00e0 Serveis Integrals somos especialistas en reformas industriales y nos ofrecemos para transformar y mejorar tus instalaciones, naves y espacios industriales con un servicio llave en mano. Con m\u00e1s de 25 a\u00f1os de experiencia, sabemos c\u00f3mo responder a las necesidades espec\u00edficas de cada cliente, ofreciendo soluciones personalizadas y eficientes para industrias y nave industriales.<\/span><\/p>\t\t\t\t\t\t\t\t<\/div>\n\t\t\t\t<\/div>\n\t\t\t\t\t<\/div>\n\t\t\t\t<\/div>\n\t\t<div class=\"elementor-element elementor-element-f72be42 e-flex e-con-boxed e-con e-parent\" data-id=\"f72be42\" data-element_type=\"container\">\n\t\t\t\t\t<div class=\"e-con-inner\">\n\t\t\t\t<div class=\"elementor-element elementor-element-09596b5 elementor-widget__width-initial elementor-widget elementor-widget-heading\" data-id=\"09596b5\" data-element_type=\"widget\" data-widget_type=\"heading.default\">\n\t\t\t\t\t<h2 class=\"elementor-heading-title elementor-size-default\">Servicios de reforma industrial completa y mantenimiento a medida\n<\/h2>\t\t\t\t<\/div>\n\t\t\t\t<div class=\"elementor-element elementor-element-ac95e6d elementor-widget__width-initial elementor-widget elementor-widget-text-editor\" data-id=\"ac95e6d\" data-element_type=\"widget\" data-widget_type=\"text-editor.default\">\n\t\t\t\t\t\t\t\t\t<p><span style=\"font-weight: 400;\">Nuestras reformas industriales incluyen todo lo que necesitas para garantizar el buen funcionamiento y seguridad de tus espacios laborales.<\/span><\/p>\t\t\t\t\t\t\t\t<\/div>\n\t\t<div class=\"elementor-element elementor-element-a3ab50b e-grid e-con-full e-con e-child\" data-id=\"a3ab50b\" data-element_type=\"container\">\n\t\t<div class=\"elementor-element elementor-element-68ca0d8 e-con-full e-flex e-con e-child\" data-id=\"68ca0d8\" data-element_type=\"container\">\n\t\t\t\t<div class=\"elementor-element elementor-element-14c85fb elementor-widget__width-auto elementor-absolute elementor-widget elementor-widget-heading\" data-id=\"14c85fb\" data-element_type=\"widget\" data-settings=\"{&quot;_position&quot;:&quot;absolute&quot;}\" data-widget_type=\"heading.default\">\n\t\t\t\t\t<span class=\"elementor-heading-title elementor-size-default\">01<\/span>\t\t\t\t<\/div>\n\t\t\t\t<div class=\"elementor-element elementor-element-49b2181 jkit-equal-height-enable elementor-widget elementor-widget-jkit_icon_box\" data-id=\"49b2181\" data-element_type=\"widget\" data-widget_type=\"jkit_icon_box.default\">\n\t\t\t\t<div class=\"elementor-widget-container\">\n\t\t\t\t\t<div  class=\"jeg-elementor-kit jkit-icon-box icon-position- elementor-animation- jeg_module___69ee469101d93\" ><a href=\"\" class=\"icon-box-link\" aria-label=\"Saber m\u00e1s\"><div class=\"jkit-icon-box-wrapper hover-from-left\"><div class=\"icon-box icon-box-header elementor-animation-\"><div class=\"icon style-color\"><i aria-hidden=\"true\" class=\"jki jki-engineer-light\"><\/i><\/div><\/div><div class=\"icon-box icon-box-body\">\n                <h3 class=\"title\">Pavimentos para naves industriales<\/h3><p class=\"icon-box-description\">Instalamos pavimentos resistentes y adaptados a la actividad industrial, asegurando durabilidad y seguridad.\n\n<\/p>\n            <\/div>\n            \n            <\/div><\/a><\/div>\t\t\t\t<\/div>\n\t\t\t\t<\/div>\n\t\t\t\t<\/div>\n\t\t<div class=\"elementor-element elementor-element-7393d29 e-con-full e-flex e-con e-child\" data-id=\"7393d29\" data-element_type=\"container\">\n\t\t\t\t<div class=\"elementor-element elementor-element-1285385 jkit-equal-height-enable elementor-widget elementor-widget-jkit_icon_box\" data-id=\"1285385\" data-element_type=\"widget\" data-widget_type=\"jkit_icon_box.default\">\n\t\t\t\t<div class=\"elementor-widget-container\">\n\t\t\t\t\t<div  class=\"jeg-elementor-kit jkit-icon-box icon-position- elementor-animation- jeg_module__1_69ee4691023a6\" ><div class=\"jkit-icon-box-wrapper hover-from-left\"><div class=\"icon-box icon-box-header elementor-animation-\"><div class=\"icon style-color\"><i aria-hidden=\"true\" class=\"jki jki-Helmet-light\"><\/i><\/div><\/div><div class=\"icon-box icon-box-body\">\n                <h3 class=\"title\">Pintura y se\u00f1alizaci\u00f3n<\/h3><p class=\"icon-box-description\">Pintamos espacios industriales y realizamos se\u00f1alizaciones para mejorar la seguridad y la organizaci\u00f3n.\n\n<\/p>\n            <\/div>\n            \n            <\/div><\/div>\t\t\t\t<\/div>\n\t\t\t\t<\/div>\n\t\t\t\t<div class=\"elementor-element elementor-element-6c00aa1 elementor-widget__width-auto elementor-absolute elementor-widget elementor-widget-heading\" data-id=\"6c00aa1\" data-element_type=\"widget\" data-settings=\"{&quot;_position&quot;:&quot;absolute&quot;}\" data-widget_type=\"heading.default\">\n\t\t\t\t\t<h2 class=\"elementor-heading-title elementor-size-default\">02<\/h2>\t\t\t\t<\/div>\n\t\t\t\t<\/div>\n\t\t<div class=\"elementor-element elementor-element-c5c4e37 e-con-full e-flex e-con e-child\" data-id=\"c5c4e37\" data-element_type=\"container\">\n\t\t\t\t<div class=\"elementor-element elementor-element-a06dd01 jkit-equal-height-enable elementor-widget elementor-widget-jkit_icon_box\" data-id=\"a06dd01\" data-element_type=\"widget\" data-widget_type=\"jkit_icon_box.default\">\n\t\t\t\t<div class=\"elementor-widget-container\">\n\t\t\t\t\t<div  class=\"jeg-elementor-kit jkit-icon-box icon-position- elementor-animation- jeg_module__2_69ee469102652\" ><div class=\"jkit-icon-box-wrapper hover-from-left\"><div class=\"icon-box icon-box-header elementor-animation-\"><div class=\"icon style-color\"><i aria-hidden=\"true\" class=\"jki jki-consut2-light\"><\/i><\/div><\/div><div class=\"icon-box icon-box-body\">\n                <h3 class=\"title\">Cubiertas tipo s\u00e1ndwich, chapa y lucernarios<\/h3><p class=\"icon-box-description\">Renovamos cubiertas y lucernarios para mejorar el aislamiento, la eficiencia energ\u00e9tica y la luz natural.\n\n<\/p>\n            <\/div>\n            \n            <\/div><\/div>\t\t\t\t<\/div>\n\t\t\t\t<\/div>\n\t\t\t\t<div class=\"elementor-element elementor-element-65371e0 elementor-widget__width-auto elementor-absolute elementor-widget elementor-widget-heading\" data-id=\"65371e0\" data-element_type=\"widget\" data-settings=\"{&quot;_position&quot;:&quot;absolute&quot;}\" data-widget_type=\"heading.default\">\n\t\t\t\t\t<h2 class=\"elementor-heading-title elementor-size-default\">03<\/h2>\t\t\t\t<\/div>\n\t\t\t\t<\/div>\n\t\t<div class=\"elementor-element elementor-element-1677fef e-con-full e-flex e-con e-child\" data-id=\"1677fef\" data-element_type=\"container\">\n\t\t\t\t<div class=\"elementor-element elementor-element-03e8b76 jkit-equal-height-enable elementor-widget elementor-widget-jkit_icon_box\" data-id=\"03e8b76\" data-element_type=\"widget\" data-widget_type=\"jkit_icon_box.default\">\n\t\t\t\t<div class=\"elementor-widget-container\">\n\t\t\t\t\t<div  class=\"jeg-elementor-kit jkit-icon-box icon-position- elementor-animation- jeg_module__3_69ee4691028e5\" ><div class=\"jkit-icon-box-wrapper hover-from-left\"><div class=\"icon-box icon-box-header elementor-animation-\"><div class=\"icon style-color\"><i aria-hidden=\"true\" class=\"jki jki-customer-support-light\"><\/i><\/div><\/div><div class=\"icon-box icon-box-body\">\n                <h3 class=\"title\">Impermeabilizaciones de cubiertas<\/h3><p class=\"icon-box-description\">Protegemos las cubiertas con sistemas de impermeabilizaci\u00f3n eficientes para evitar filtraciones y humedades.\n\n\n<\/p>\n            <\/div>\n            \n            <\/div><\/div>\t\t\t\t<\/div>\n\t\t\t\t<\/div>\n\t\t\t\t<div class=\"elementor-element elementor-element-20b3ca6 elementor-widget__width-auto elementor-absolute elementor-widget elementor-widget-heading\" data-id=\"20b3ca6\" data-element_type=\"widget\" data-settings=\"{&quot;_position&quot;:&quot;absolute&quot;}\" data-widget_type=\"heading.default\">\n\t\t\t\t\t<h2 class=\"elementor-heading-title elementor-size-default\">04<\/h2>\t\t\t\t<\/div>\n\t\t\t\t<\/div>\n\t\t<div class=\"elementor-element elementor-element-ddb8d2f e-con-full e-flex e-con e-child\" data-id=\"ddb8d2f\" data-element_type=\"container\">\n\t\t\t\t<div class=\"elementor-element elementor-element-82a41ca jkit-equal-height-enable elementor-widget elementor-widget-jkit_icon_box\" data-id=\"82a41ca\" data-element_type=\"widget\" data-widget_type=\"jkit_icon_box.default\">\n\t\t\t\t<div class=\"elementor-widget-container\">\n\t\t\t\t\t<div  class=\"jeg-elementor-kit jkit-icon-box icon-position- elementor-animation- jeg_module__4_69ee469102b65\" ><div class=\"jkit-icon-box-wrapper hover-from-left\"><div class=\"icon-box icon-box-header elementor-animation-\"><div class=\"icon style-color\"><i aria-hidden=\"true\" class=\"jki jki-brickwall-light\"><\/i><\/div><\/div><div class=\"icon-box icon-box-body\">\n                <h3 class=\"title\">Retirada de amianto<\/h3><p class=\"icon-box-description\">Realizamos la retirada segura de amianto, cumpliendo toda la normativa para garantizar la m\u00e1xima seguridad.\n\n\n\n<\/p>\n            <\/div>\n            \n            <\/div><\/div>\t\t\t\t<\/div>\n\t\t\t\t<\/div>\n\t\t\t\t<div class=\"elementor-element elementor-element-e945c96 elementor-widget__width-auto elementor-absolute elementor-widget elementor-widget-heading\" data-id=\"e945c96\" data-element_type=\"widget\" data-settings=\"{&quot;_position&quot;:&quot;absolute&quot;}\" data-widget_type=\"heading.default\">\n\t\t\t\t\t<h2 class=\"elementor-heading-title elementor-size-default\">05<\/h2>\t\t\t\t<\/div>\n\t\t\t\t<\/div>\n\t\t\t\t<\/div>\n\t\t\t\t\t<\/div>\n\t\t\t\t<\/div>\n\t\t<div class=\"elementor-element elementor-element-ba498f4 e-flex e-con-boxed e-con e-parent\" data-id=\"ba498f4\" data-element_type=\"container\">\n\t\t\t\t\t<div class=\"e-con-inner\">\n\t\t\t\t<div class=\"elementor-element elementor-element-dff1df8 elementor-widget__width-initial elementor-widget elementor-widget-heading\" data-id=\"dff1df8\" data-element_type=\"widget\" data-widget_type=\"heading.default\">\n\t\t\t\t\t<h2 class=\"elementor-heading-title elementor-size-default\">Reformas de oficinas y espacios administrativos industriales\n<\/h2>\t\t\t\t<\/div>\n\t\t\t\t<div class=\"elementor-element elementor-element-41e060a elementor-widget__width-initial elementor-widget elementor-widget-text-editor\" data-id=\"41e060a\" data-element_type=\"widget\" data-widget_type=\"text-editor.default\">\n\t\t\t\t\t\t\t\t\t<p><span style=\"font-weight: 400;\">Adem\u00e1s de las reformas industriales, ofrecemos servicios especializados en la reforma de oficinas industriales y espacios corporativos.\u00a0<\/span><\/p>\t\t\t\t\t\t\t\t<\/div>\n\t\t<div class=\"elementor-element elementor-element-1d12d0f e-grid e-con-full e-con e-child\" data-id=\"1d12d0f\" data-element_type=\"container\">\n\t\t\t\t<div class=\"elementor-element elementor-element-79309f7 jkit-equal-height-disable elementor-widget elementor-widget-jkit_icon_box\" data-id=\"79309f7\" data-element_type=\"widget\" data-widget_type=\"jkit_icon_box.default\">\n\t\t\t\t<div class=\"elementor-widget-container\">\n\t\t\t\t\t<div  class=\"jeg-elementor-kit jkit-icon-box icon-position- elementor-animation- jeg_module__5_69ee469102f4d\" ><div class=\"jkit-icon-box-wrapper hover-from-left\"><div class=\"icon-box icon-box-header elementor-animation-\"><div class=\"icon style-color\"><i aria-hidden=\"true\" class=\"jki jki-badge-light\"><\/i><\/div><\/div><div class=\"icon-box icon-box-body\">\n                <h2 class=\"title\">Dise\u00f1o de interiores<br> corporativos<\/h2><p class=\"icon-box-description\">Espacios funcionales para equipos de trabajo.<\/p>\n            <\/div>\n            \n            <\/div><\/div>\t\t\t\t<\/div>\n\t\t\t\t<\/div>\n\t\t\t\t<div class=\"elementor-element elementor-element-b34d8fa jkit-equal-height-disable elementor-widget elementor-widget-jkit_icon_box\" data-id=\"b34d8fa\" data-element_type=\"widget\" data-widget_type=\"jkit_icon_box.default\">\n\t\t\t\t<div class=\"elementor-widget-container\">\n\t\t\t\t\t<div  class=\"jeg-elementor-kit jkit-icon-box icon-position- elementor-animation- jeg_module__6_69ee4691031e1\" ><div class=\"jkit-icon-box-wrapper hover-from-left\"><div class=\"icon-box icon-box-header elementor-animation-\"><div class=\"icon style-color\"><i aria-hidden=\"true\" class=\"jki jki-building-light\"><\/i><\/div><\/div><div class=\"icon-box icon-box-body\">\n                <h2 class=\"title\">Instalaciones de falsos techos<br> y suelos t\u00e9cnicos<\/h2><p class=\"icon-box-description\">Mejoramos la distribuci\u00f3n del espacio con materiales de calidad.\n<\/p>\n            <\/div>\n            \n            <\/div><\/div>\t\t\t\t<\/div>\n\t\t\t\t<\/div>\n\t\t\t\t<div class=\"elementor-element elementor-element-1d4e75a jkit-equal-height-disable elementor-widget elementor-widget-jkit_icon_box\" data-id=\"1d4e75a\" data-element_type=\"widget\" data-widget_type=\"jkit_icon_box.default\">\n\t\t\t\t<div class=\"elementor-widget-container\">\n\t\t\t\t\t<div  class=\"jeg-elementor-kit jkit-icon-box icon-position- elementor-animation- jeg_module__7_69ee469103469\" ><div class=\"jkit-icon-box-wrapper hover-from-left\"><div class=\"icon-box icon-box-header elementor-animation-\"><div class=\"icon style-color\"><i aria-hidden=\"true\" class=\"jki jki-brickwall-light\"><\/i><\/div><\/div><div class=\"icon-box icon-box-body\">\n                <h2 class=\"title\">Mamparas y <br>particiones<\/h2><p class=\"icon-box-description\">Crear ambientes flexibles que pueden adaptarse a sus necesidades.\n\n\n<\/p>\n            <\/div>\n            \n            <\/div><\/div>\t\t\t\t<\/div>\n\t\t\t\t<\/div>\n\t\t\t\t<\/div>\n\t\t\t\t\t<\/div>\n\t\t\t\t<\/div>\n\t\t<div class=\"elementor-element elementor-element-0119c55 e-flex e-con-boxed e-con e-parent\" data-id=\"0119c55\" data-element_type=\"container\" data-settings=\"{&quot;background_background&quot;:&quot;classic&quot;}\">\n\t\t\t\t\t<div class=\"e-con-inner\">\n\t\t<div class=\"elementor-element elementor-element-02260a4 e-con-full e-flex e-con e-child\" data-id=\"02260a4\" data-element_type=\"container\">\n\t\t\t\t<div class=\"elementor-element elementor-element-ac2edf5 elementor-widget elementor-widget-heading\" data-id=\"ac2edf5\" data-element_type=\"widget\" data-widget_type=\"heading.default\">\n\t\t\t\t\t<h2 class=\"elementor-heading-title elementor-size-default\">Miembro del Gremio de Constructores\n<\/h2>\t\t\t\t<\/div>\n\t\t\t\t<div class=\"elementor-element elementor-element-1c519d6 elementor-widget elementor-widget-text-editor\" data-id=\"1c519d6\" data-element_type=\"widget\" data-widget_type=\"text-editor.default\">\n\t\t\t\t\t\t\t\t\t<p><strong data-start=\"180\" data-end=\"274\">Xavi Tany\u00e0 Serveis Integrals est\u00e1 agremiado en el Gremio de Constructores de Sabadell y Comarca.<\/strong><br data-start=\"274\" data-end=\"277\" \/>Esta afiliaci\u00f3n refleja nuestro compromiso con la calidad, profesionalidad y sector de la construcci\u00f3n.<\/p>\t\t\t\t\t\t\t\t<\/div>\n\t\t\t\t<\/div>\n\t\t<div class=\"elementor-element elementor-element-67da27a e-con-full e-flex e-con e-child\" data-id=\"67da27a\" data-element_type=\"container\">\n\t\t\t\t<div class=\"elementor-element elementor-element-0e9ba4e elementor-widget-mobile__width-inherit elementor-widget elementor-widget-image\" data-id=\"0e9ba4e\" data-element_type=\"widget\" data-widget_type=\"image.default\">\n\t\t\t\t\t\t\t\t\t\t\t\t\t\t\t<img fetchpriority=\"high\" decoding=\"async\" width=\"341\" height=\"228\" src=\"https:\/\/xavitanyaserveisintegrals.com\/wp-content\/uploads\/2025\/04\/imagen_2025-04-14_153337162-e1745498500952.png\" class=\"attachment-full size-full wp-image-646\" alt=\"\" srcset=\"https:\/\/xavitanyaserveisintegrals.com\/wp-content\/uploads\/2025\/04\/imagen_2025-04-14_153337162-e1745498500952.png 341w, https:\/\/xavitanyaserveisintegrals.com\/wp-content\/uploads\/2025\/04\/imagen_2025-04-14_153337162-e1745498500952-300x201.png 300w\" sizes=\"(max-width: 341px) 100vw, 341px\" \/>\t\t\t\t\t\t\t\t\t\t\t\t\t\t\t<\/div>\n\t\t\t\t<\/div>\n\t\t\t\t\t<\/div>\n\t\t\t\t<\/div>\n\t\t\t\t<\/div>","protected":false},"excerpt":{"rendered":"<p>Reformes industrials integrals: Qualitat i efic\u00e0cia per a la teva ind\u00fastria A Xavi Tany\u00e0 Serveis Integrals som especialistes en reformes industrials i ens oferim per transformar i millorar les teves instal\u00b7lacions, naus i espais industrials amb un servei clau en m\u00e0. Amb m\u00e9s de 25 anys d&#8217;experi\u00e8ncia, sabem com respondre a les necessitats espec\u00edfiques de [&hellip;]<\/p>","protected":false},"author":2,"featured_media":0,"parent":14,"menu_order":0,"comment_status":"closed","ping_status":"closed","template":"elementor_header_footer","meta":{"footnotes":""},"class_list":["post-15","page","type-page","status-publish","hentry"],"_links":{"self":[{"href":"https:\/\/xavitanyaserveisintegrals.com\/es\/wp-json\/wp\/v2\/pages\/15","targetHints":{"allow":["GET"]}}],"collection":[{"href":"https:\/\/xavitanyaserveisintegrals.com\/es\/wp-json\/wp\/v2\/pages"}],"about":[{"href":"https:\/\/xavitanyaserveisintegrals.com\/es\/wp-json\/wp\/v2\/types\/page"}],"author":[{"embeddable":true,"href":"https:\/\/xavitanyaserveisintegrals.com\/es\/wp-json\/wp\/v2\/users\/2"}],"replies":[{"embeddable":true,"href":"https:\/\/xavitanyaserveisintegrals.com\/es\/wp-json\/wp\/v2\/comments?post=15"}],"version-history":[{"count":34,"href":"https:\/\/xavitanyaserveisintegrals.com\/es\/wp-json\/wp\/v2\/pages\/15\/revisions"}],"predecessor-version":[{"id":1339,"href":"https:\/\/xavitanyaserveisintegrals.com\/es\/wp-json\/wp\/v2\/pages\/15\/revisions\/1339"}],"up":[{"embeddable":true,"href":"https:\/\/xavitanyaserveisintegrals.com\/es\/wp-json\/wp\/v2\/pages\/14"}],"wp:attachment":[{"href":"https:\/\/xavitanyaserveisintegrals.com\/es\/wp-json\/wp\/v2\/media?parent=15"}],"curies":[{"name":"wp","href":"https:\/\/api.w.org\/{rel}","templated":true}]}}