{"id":16,"date":"2025-03-01T00:52:11","date_gmt":"2025-03-01T00:52:11","guid":{"rendered":"https:\/\/xavitanyaserveisintegrals.com\/?page_id=16"},"modified":"2025-05-21T20:51:45","modified_gmt":"2025-05-21T20:51:45","slug":"reformes-particulars","status":"publish","type":"page","link":"https:\/\/xavitanyaserveisintegrals.com\/es\/reformes-integrals\/reformes-particulars\/","title":{"rendered":"Reformas particulares"},"content":{"rendered":"<div data-elementor-type=\"wp-page\" data-elementor-id=\"16\" class=\"elementor elementor-16\" data-elementor-post-type=\"page\">\n\t\t\t\t<div class=\"elementor-element elementor-element-a7e1543 e-flex e-con-boxed e-con e-parent\" data-id=\"a7e1543\" data-element_type=\"container\" data-settings=\"{&quot;background_background&quot;:&quot;classic&quot;}\">\n\t\t\t\t\t<div class=\"e-con-inner\">\n\t\t<div class=\"elementor-element elementor-element-5ab99e6 e-con-full e-flex e-con e-child\" data-id=\"5ab99e6\" data-element_type=\"container\">\n\t\t\t\t<div class=\"elementor-element elementor-element-e65a683 elementor-widget__width-initial elementor-widget elementor-widget-heading\" data-id=\"e65a683\" data-element_type=\"widget\" data-widget_type=\"heading.default\">\n\t\t\t\t\t<h2 class=\"elementor-heading-title elementor-size-default\">Reforma integral vivienda Piso o Casa &quot;Llaves en mano&quot;\n<\/h2>\t\t\t\t<\/div>\n\t\t\t\t<div class=\"elementor-element elementor-element-d8a4aec elementor-widget__width-initial elementor-widget elementor-widget-text-editor\" data-id=\"d8a4aec\" data-element_type=\"widget\" data-widget_type=\"text-editor.default\">\n\t\t\t\t\t\t\t\t\t<p>Servicio completo y todo incluido en el que nos encargamos de la reforma y nos ocupamos de todas las fases del proyecto, desde la planificaci\u00f3n hasta la finalizaci\u00f3n, de forma que el cliente s\u00f3lo tenga que disfrutar del resultado sin preocuparse por ning\u00fan detalle.<\/p>\t\t\t\t\t\t\t\t<\/div>\n\t\t\t\t<\/div>\n\t\t\t\t\t<\/div>\n\t\t\t\t<\/div>\n\t\t<div class=\"elementor-element elementor-element-c24207d e-flex e-con-boxed e-con e-parent\" data-id=\"c24207d\" data-element_type=\"container\">\n\t\t\t\t\t<div class=\"e-con-inner\">\n\t\t\t\t<div class=\"elementor-element elementor-element-47df9ce elementor-widget__width-initial elementor-widget elementor-widget-heading\" data-id=\"47df9ce\" data-element_type=\"widget\" data-widget_type=\"heading.default\">\n\t\t\t\t\t<h2 class=\"elementor-heading-title elementor-size-default\"> Reformas de interior: Creamos espacios funcionales y est\u00e9ticos<\/h2>\t\t\t\t<\/div>\n\t\t\t\t<div class=\"elementor-element elementor-element-2c112d5 elementor-widget__width-initial elementor-widget elementor-widget-text-editor\" data-id=\"2c112d5\" data-element_type=\"widget\" data-widget_type=\"text-editor.default\">\n\t\t\t\t\t\t\t\t\t<p><span style=\"font-weight: 400;\">Las reformas de interior son nuestro fuerte. En Xavi Tany\u00e0 Serveis Integrals, nos encargamos de transformar tus espacios interiores con una amplia gama de servicios, entre los que destacan:<\/span><\/p>\t\t\t\t\t\t\t\t<\/div>\n\t\t<div class=\"elementor-element elementor-element-986c39e e-grid e-con-full e-con e-child\" data-id=\"986c39e\" data-element_type=\"container\">\n\t\t<div class=\"elementor-element elementor-element-64d5aba e-con-full e-flex e-con e-child\" data-id=\"64d5aba\" data-element_type=\"container\">\n\t\t\t\t<div class=\"elementor-element elementor-element-66ab013 elementor-widget__width-auto elementor-absolute elementor-widget elementor-widget-heading\" data-id=\"66ab013\" data-element_type=\"widget\" data-settings=\"{&quot;_position&quot;:&quot;absolute&quot;}\" data-widget_type=\"heading.default\">\n\t\t\t\t\t<span class=\"elementor-heading-title elementor-size-default\">01<\/span>\t\t\t\t<\/div>\n\t\t\t\t<div class=\"elementor-element elementor-element-a4b9ef4 jkit-equal-height-enable elementor-widget__width-inherit elementor-widget elementor-widget-jkit_icon_box\" data-id=\"a4b9ef4\" data-element_type=\"widget\" data-widget_type=\"jkit_icon_box.default\">\n\t\t\t\t<div class=\"elementor-widget-container\">\n\t\t\t\t\t<div  class=\"jeg-elementor-kit jkit-icon-box icon-position- elementor-animation- jeg_module___69ee4647d8c66\" ><a href=\"\" class=\"icon-box-link\" aria-label=\"Saber m\u00e1s\"><div class=\"jkit-icon-box-wrapper hover-from-left\"><div class=\"icon-box icon-box-header elementor-animation-\"><div class=\"icon style-color\"><i aria-hidden=\"true\" class=\"jki jki-engineer-light\"><\/i><\/div><\/div><div class=\"icon-box icon-box-body\">\n                <h3 class=\"title\">Asesor\u00eda y <br>dise\u00f1o: <\/h3><p class=\"icon-box-description\">El equipo de profesionales ayuda a definir las necesidades, dise\u00f1ar el proyecto y escoger los materiales y acabados seg\u00fan el presupuesto y gustos del cliente.<\/p>\n            <\/div>\n            \n            <\/div><\/a><\/div>\t\t\t\t<\/div>\n\t\t\t\t<\/div>\n\t\t\t\t<\/div>\n\t\t<div class=\"elementor-element elementor-element-46804d0 e-con-full e-flex e-con e-child\" data-id=\"46804d0\" data-element_type=\"container\">\n\t\t\t\t<div class=\"elementor-element elementor-element-fd7cce3 jkit-equal-height-enable elementor-widget__width-inherit elementor-widget elementor-widget-jkit_icon_box\" data-id=\"fd7cce3\" data-element_type=\"widget\" data-widget_type=\"jkit_icon_box.default\">\n\t\t\t\t<div class=\"elementor-widget-container\">\n\t\t\t\t\t<div  class=\"jeg-elementor-kit jkit-icon-box icon-position- elementor-animation- jeg_module__1_69ee4647d92cd\" ><div class=\"jkit-icon-box-wrapper hover-from-left\"><div class=\"icon-box icon-box-header elementor-animation-\"><div class=\"icon style-color\"><i aria-hidden=\"true\" class=\"jki jki-Helmet-light\"><\/i><\/div><\/div><div class=\"icon-box icon-box-body\">\n                <h3 class=\"title\">Gesti\u00f3n y <br>coordinaci\u00f3n:<\/h3><p class=\"icon-box-description\">Nos encargamos de coordinar todos los trabajos y permisos administrativos, aparejadores, arquitectos si fuera necesario.<\/p>\n            <\/div>\n            \n            <\/div><\/div>\t\t\t\t<\/div>\n\t\t\t\t<\/div>\n\t\t\t\t<div class=\"elementor-element elementor-element-6362a5b elementor-widget__width-auto elementor-absolute elementor-widget elementor-widget-heading\" data-id=\"6362a5b\" data-element_type=\"widget\" data-settings=\"{&quot;_position&quot;:&quot;absolute&quot;}\" data-widget_type=\"heading.default\">\n\t\t\t\t\t<h2 class=\"elementor-heading-title elementor-size-default\">02<\/h2>\t\t\t\t<\/div>\n\t\t\t\t<\/div>\n\t\t<div class=\"elementor-element elementor-element-9ed3300 e-con-full e-flex e-con e-child\" data-id=\"9ed3300\" data-element_type=\"container\">\n\t\t\t\t<div class=\"elementor-element elementor-element-498fb16 jkit-equal-height-enable elementor-widget__width-inherit elementor-widget elementor-widget-jkit_icon_box\" data-id=\"498fb16\" data-element_type=\"widget\" data-widget_type=\"jkit_icon_box.default\">\n\t\t\t\t<div class=\"elementor-widget-container\">\n\t\t\t\t\t<div  class=\"jeg-elementor-kit jkit-icon-box icon-position- elementor-animation- jeg_module__2_69ee4647d95a6\" ><div class=\"jkit-icon-box-wrapper hover-from-left\"><div class=\"icon-box icon-box-header elementor-animation-\"><div class=\"icon style-color\"><i aria-hidden=\"true\" class=\"jki jki-consut2-light\"><\/i><\/div><\/div><div class=\"icon-box icon-box-body\">\n                <h3 class=\"title\">Ejecuci\u00f3n de la reforma: <\/h3><p class=\"icon-box-description\">Realizamos todas las tareas de la reforma, tales como derribo, gesti\u00f3n de residuos, construcci\u00f3n, distribuci\u00f3n de espacios, climatizaci\u00f3n, iluminaci\u00f3n, ba\u00f1os, cocina, puertas, ventanas aluminio, instalaciones el\u00e9ctricas, de fontaner\u00eda, pintura, mobiliario, etc.\n\n\n<\/p>\n            <\/div>\n            \n            <\/div><\/div>\t\t\t\t<\/div>\n\t\t\t\t<\/div>\n\t\t\t\t<div class=\"elementor-element elementor-element-4a1ee73 elementor-widget__width-auto elementor-absolute elementor-widget elementor-widget-heading\" data-id=\"4a1ee73\" data-element_type=\"widget\" data-settings=\"{&quot;_position&quot;:&quot;absolute&quot;}\" data-widget_type=\"heading.default\">\n\t\t\t\t\t<h2 class=\"elementor-heading-title elementor-size-default\">03<\/h2>\t\t\t\t<\/div>\n\t\t\t\t<\/div>\n\t\t<div class=\"elementor-element elementor-element-4abebe9 e-con-full e-flex e-con e-child\" data-id=\"4abebe9\" data-element_type=\"container\">\n\t\t\t\t<div class=\"elementor-element elementor-element-2d44105 jkit-equal-height-enable elementor-widget__width-inherit elementor-widget elementor-widget-jkit_icon_box\" data-id=\"2d44105\" data-element_type=\"widget\" data-widget_type=\"jkit_icon_box.default\">\n\t\t\t\t<div class=\"elementor-widget-container\">\n\t\t\t\t\t<div  class=\"jeg-elementor-kit jkit-icon-box icon-position- elementor-animation- jeg_module__3_69ee4647d9839\" ><div class=\"jkit-icon-box-wrapper hover-from-left\"><div class=\"icon-box icon-box-header elementor-animation-\"><div class=\"icon style-color\"><i aria-hidden=\"true\" class=\"jki jki-customer-support-light\"><\/i><\/div><\/div><div class=\"icon-box icon-box-body\">\n                <h3 class=\"title\">Entrega:<\/h3><p class=\"icon-box-description\">Entrega Una vez finalizada, la reforma se entrega al cliente en condiciones \u00f3ptimas, sin que \u00e9ste deba preocuparse por otra cosa, en los plazos establecidos.\n\n\n\n<\/p>\n            <\/div>\n            \n            <\/div><\/div>\t\t\t\t<\/div>\n\t\t\t\t<\/div>\n\t\t\t\t<div class=\"elementor-element elementor-element-5914b07 elementor-widget__width-auto elementor-absolute elementor-widget elementor-widget-heading\" data-id=\"5914b07\" data-element_type=\"widget\" data-settings=\"{&quot;_position&quot;:&quot;absolute&quot;}\" data-widget_type=\"heading.default\">\n\t\t\t\t\t<h2 class=\"elementor-heading-title elementor-size-default\">04<\/h2>\t\t\t\t<\/div>\n\t\t\t\t<\/div>\n\t\t\t\t<\/div>\n\t\t\t\t\t<\/div>\n\t\t\t\t<\/div>\n\t\t<div class=\"elementor-element elementor-element-6bcf5e6 e-flex e-con-boxed e-con e-parent\" data-id=\"6bcf5e6\" data-element_type=\"container\">\n\t\t\t\t\t<div class=\"e-con-inner\">\n\t\t\t\t<div class=\"elementor-element elementor-element-bc7455a elementor-widget__width-initial elementor-widget elementor-widget-heading\" data-id=\"bc7455a\" data-element_type=\"widget\" data-widget_type=\"heading.default\">\n\t\t\t\t\t<h2 class=\"elementor-heading-title elementor-size-default\">Servicio personalizado y llave en mano para tu reforma<\/h2>\t\t\t\t<\/div>\n\t\t\t\t<div class=\"elementor-element elementor-element-cbc9183 elementor-widget__width-initial elementor-widget elementor-widget-text-editor\" data-id=\"cbc9183\" data-element_type=\"widget\" data-widget_type=\"text-editor.default\">\n\t\t\t\t\t\t\t\t\t<p><span style=\"font-weight: 400;\">Uno de nuestros puntos fuertes es la capacidad de ofrecerte un servicio <\/span><b>llave en mano<\/b><span style=\"font-weight: 400;\">, donde nos ocupamos de todo el proceso de la reforma, desde la planificaci\u00f3n hasta la finalizaci\u00f3n de la obra. Te ayudamos a dise\u00f1ar el espacio que quieres y nos encargamos de todo lo necesario para hacerlo realidad:<\/span><\/p>\t\t\t\t\t\t\t\t<\/div>\n\t\t<div class=\"elementor-element elementor-element-dd77e35 e-grid e-con-full e-con e-child\" data-id=\"dd77e35\" data-element_type=\"container\">\n\t\t\t\t<div class=\"elementor-element elementor-element-1956a01 jkit-equal-height-disable elementor-widget elementor-widget-jkit_icon_box\" data-id=\"1956a01\" data-element_type=\"widget\" data-widget_type=\"jkit_icon_box.default\">\n\t\t\t\t<div class=\"elementor-widget-container\">\n\t\t\t\t\t<div  class=\"jeg-elementor-kit jkit-icon-box icon-position- elementor-animation- jeg_module__4_69ee4647d9c3c\" ><div class=\"jkit-icon-box-wrapper hover-from-left\"><div class=\"icon-box icon-box-header elementor-animation-\"><div class=\"icon style-color\"><i aria-hidden=\"true\" class=\"jki jki-badge-light\"><\/i><\/div><\/div><div class=\"icon-box icon-box-body\">\n                <h2 class=\"title\">Asesor\u00eda personalizada<\/h2><p class=\"icon-box-description\">Dise\u00f1amos tu proyecto seg\u00fan tus gustos y necesidades.\n<\/p>\n            <\/div>\n            \n            <\/div><\/div>\t\t\t\t<\/div>\n\t\t\t\t<\/div>\n\t\t\t\t<div class=\"elementor-element elementor-element-6414a74 jkit-equal-height-disable elementor-widget elementor-widget-jkit_icon_box\" data-id=\"6414a74\" data-element_type=\"widget\" data-widget_type=\"jkit_icon_box.default\">\n\t\t\t\t<div class=\"elementor-widget-container\">\n\t\t\t\t\t<div  class=\"jeg-elementor-kit jkit-icon-box icon-position- elementor-animation- jeg_module__5_69ee4647d9ec4\" ><div class=\"jkit-icon-box-wrapper hover-from-left\"><div class=\"icon-box icon-box-header elementor-animation-\"><div class=\"icon style-color\"><i aria-hidden=\"true\" class=\"jki jki-building-light\"><\/i><\/div><\/div><div class=\"icon-box icon-box-body\">\n                <h2 class=\"title\">Gesti\u00f3n de permisos y tr\u00e1mites<\/h2><p class=\"icon-box-description\">Nos encargamos de la gesti\u00f3n administrativa relacionada con la reforma.\n<\/p>\n            <\/div>\n            \n            <\/div><\/div>\t\t\t\t<\/div>\n\t\t\t\t<\/div>\n\t\t\t\t<div class=\"elementor-element elementor-element-0decc2e jkit-equal-height-disable elementor-widget elementor-widget-jkit_icon_box\" data-id=\"0decc2e\" data-element_type=\"widget\" data-widget_type=\"jkit_icon_box.default\">\n\t\t\t\t<div class=\"elementor-widget-container\">\n\t\t\t\t\t<div  class=\"jeg-elementor-kit jkit-icon-box icon-position- elementor-animation- jeg_module__6_69ee4647da142\" ><div class=\"jkit-icon-box-wrapper hover-from-left\"><div class=\"icon-box icon-box-header elementor-animation-\"><div class=\"icon style-color\"><i aria-hidden=\"true\" class=\"jki jki-brickwall-light\"><\/i><\/div><\/div><div class=\"icon-box icon-box-body\">\n                <h2 class=\"title\">Control de calidad y plazos<\/h2><p class=\"icon-box-description\">Garantizamos que los trabajos se realicen con los mejores materiales y cumplan con los plazos acordados.\n\n\n\n<\/p>\n            <\/div>\n            \n            <\/div><\/div>\t\t\t\t<\/div>\n\t\t\t\t<\/div>\n\t\t\t\t<\/div>\n\t\t\t\t\t<\/div>\n\t\t\t\t<\/div>\n\t\t<div class=\"elementor-element elementor-element-1d1dd1e e-flex e-con-boxed e-con e-parent\" data-id=\"1d1dd1e\" data-element_type=\"container\" data-settings=\"{&quot;background_background&quot;:&quot;classic&quot;}\">\n\t\t\t\t\t<div class=\"e-con-inner\">\n\t\t<div class=\"elementor-element elementor-element-0bcb78d e-con-full e-flex e-con e-child\" data-id=\"0bcb78d\" data-element_type=\"container\">\n\t\t\t\t<div class=\"elementor-element elementor-element-461062a elementor-widget elementor-widget-heading\" data-id=\"461062a\" data-element_type=\"widget\" data-widget_type=\"heading.default\">\n\t\t\t\t\t<h2 class=\"elementor-heading-title elementor-size-default\">Miembro del Gremio de Constructores\n<\/h2>\t\t\t\t<\/div>\n\t\t\t\t<div class=\"elementor-element elementor-element-85cc499 elementor-widget elementor-widget-text-editor\" data-id=\"85cc499\" data-element_type=\"widget\" data-widget_type=\"text-editor.default\">\n\t\t\t\t\t\t\t\t\t<p><strong data-start=\"180\" data-end=\"274\">Xavi Tany\u00e0 Serveis Integrals est\u00e1 agremiado en el Gremio de Constructores de Sabadell y Comarca.<\/strong><br data-start=\"274\" data-end=\"277\" \/>Esta afiliaci\u00f3n refleja nuestro compromiso con la calidad, profesionalidad y sector de la construcci\u00f3n.<\/p>\t\t\t\t\t\t\t\t<\/div>\n\t\t\t\t<\/div>\n\t\t<div class=\"elementor-element elementor-element-0a6c099 e-con-full e-flex e-con e-child\" data-id=\"0a6c099\" data-element_type=\"container\">\n\t\t\t\t<div class=\"elementor-element elementor-element-f91a44e elementor-widget-mobile__width-inherit elementor-widget elementor-widget-image\" data-id=\"f91a44e\" data-element_type=\"widget\" data-widget_type=\"image.default\">\n\t\t\t\t\t\t\t\t\t\t\t\t\t\t\t<img fetchpriority=\"high\" decoding=\"async\" width=\"341\" height=\"228\" src=\"https:\/\/xavitanyaserveisintegrals.com\/wp-content\/uploads\/2025\/04\/imagen_2025-04-14_153337162-e1745498500952.png\" class=\"attachment-full size-full wp-image-646\" alt=\"\" srcset=\"https:\/\/xavitanyaserveisintegrals.com\/wp-content\/uploads\/2025\/04\/imagen_2025-04-14_153337162-e1745498500952.png 341w, https:\/\/xavitanyaserveisintegrals.com\/wp-content\/uploads\/2025\/04\/imagen_2025-04-14_153337162-e1745498500952-300x201.png 300w\" sizes=\"(max-width: 341px) 100vw, 341px\" \/>\t\t\t\t\t\t\t\t\t\t\t\t\t\t\t<\/div>\n\t\t\t\t<\/div>\n\t\t\t\t\t<\/div>\n\t\t\t\t<\/div>\n\t\t\t\t<\/div>","protected":false},"excerpt":{"rendered":"<p>Reforma integral vivenda Pis o Casa &#8220;Claus en m\u00e0&#8221; Servei complet i tot incl\u00f2s on ens encarreguem de la reforma i ens ocupem de totes les fases del projecte, des de la planificaci\u00f3 fins a la finalitzaci\u00f3, de manera que el client nom\u00e9s hagi de gaudir del resultat sense preocupar-se per cap detall. Reformes d&#8217;interior: [&hellip;]<\/p>","protected":false},"author":2,"featured_media":0,"parent":14,"menu_order":0,"comment_status":"closed","ping_status":"closed","template":"elementor_header_footer","meta":{"footnotes":""},"class_list":["post-16","page","type-page","status-publish","hentry"],"_links":{"self":[{"href":"https:\/\/xavitanyaserveisintegrals.com\/es\/wp-json\/wp\/v2\/pages\/16","targetHints":{"allow":["GET"]}}],"collection":[{"href":"https:\/\/xavitanyaserveisintegrals.com\/es\/wp-json\/wp\/v2\/pages"}],"about":[{"href":"https:\/\/xavitanyaserveisintegrals.com\/es\/wp-json\/wp\/v2\/types\/page"}],"author":[{"embeddable":true,"href":"https:\/\/xavitanyaserveisintegrals.com\/es\/wp-json\/wp\/v2\/users\/2"}],"replies":[{"embeddable":true,"href":"https:\/\/xavitanyaserveisintegrals.com\/es\/wp-json\/wp\/v2\/comments?post=16"}],"version-history":[{"count":28,"href":"https:\/\/xavitanyaserveisintegrals.com\/es\/wp-json\/wp\/v2\/pages\/16\/revisions"}],"predecessor-version":[{"id":1348,"href":"https:\/\/xavitanyaserveisintegrals.com\/es\/wp-json\/wp\/v2\/pages\/16\/revisions\/1348"}],"up":[{"embeddable":true,"href":"https:\/\/xavitanyaserveisintegrals.com\/es\/wp-json\/wp\/v2\/pages\/14"}],"wp:attachment":[{"href":"https:\/\/xavitanyaserveisintegrals.com\/es\/wp-json\/wp\/v2\/media?parent=16"}],"curies":[{"name":"wp","href":"https:\/\/api.w.org\/{rel}","templated":true}]}}