{"id":18,"date":"2025-03-01T00:52:40","date_gmt":"2025-03-01T00:52:40","guid":{"rendered":"https:\/\/xavitanyaserveisintegrals.com\/?page_id=18"},"modified":"2025-05-21T20:51:10","modified_gmt":"2025-05-21T20:51:10","slug":"reformes-per-comunitats","status":"publish","type":"page","link":"https:\/\/xavitanyaserveisintegrals.com\/es\/reformes-integrals\/reformes-per-comunitats\/","title":{"rendered":"Reformas por comunidades"},"content":{"rendered":"<div data-elementor-type=\"wp-page\" data-elementor-id=\"18\" class=\"elementor elementor-18\" data-elementor-post-type=\"page\">\n\t\t\t\t<div class=\"elementor-element elementor-element-512dcc3 e-flex e-con-boxed e-con e-parent\" data-id=\"512dcc3\" data-element_type=\"container\" data-settings=\"{&quot;background_background&quot;:&quot;classic&quot;}\">\n\t\t\t\t\t<div class=\"e-con-inner\">\n\t\t<div class=\"elementor-element elementor-element-f4de665 e-con-full e-flex e-con e-child\" data-id=\"f4de665\" data-element_type=\"container\">\n\t\t\t\t<div class=\"elementor-element elementor-element-d4a750e elementor-widget__width-initial elementor-widget elementor-widget-heading\" data-id=\"d4a750e\" data-element_type=\"widget\" data-widget_type=\"heading.default\">\n\t\t\t\t\t<h2 class=\"elementor-heading-title elementor-size-default\">Reformas para comunidades de vecinos: Mejoramos tu espacio com\u00fan\n<\/h2>\t\t\t\t<\/div>\n\t\t\t\t<div class=\"elementor-element elementor-element-ab34db1 elementor-widget__width-initial elementor-widget elementor-widget-text-editor\" data-id=\"ab34db1\" data-element_type=\"widget\" data-widget_type=\"text-editor.default\">\n\t\t\t\t\t\t\t\t\t<p><span style=\"font-weight: 400;\">Nos encargamos de la renovaci\u00f3n y mejora de los espacios comunes de las comunidades, ofreciendo soluciones eficientes que mejoren la seguridad, funcionalidad y est\u00e9tica de los inmuebles. Sabemos que cada comunidad tiene sus necesidades espec\u00edficas, por lo que ofrecemos un servicio personalizado y adaptado a las condiciones particulares de cada proyecto.<\/span><\/p>\t\t\t\t\t\t\t\t<\/div>\n\t\t\t\t<\/div>\n\t\t\t\t\t<\/div>\n\t\t\t\t<\/div>\n\t\t<div class=\"elementor-element elementor-element-fcaff5c e-flex e-con-boxed e-con e-parent\" data-id=\"fcaff5c\" data-element_type=\"container\">\n\t\t\t\t\t<div class=\"e-con-inner\">\n\t\t\t\t<div class=\"elementor-element elementor-element-139a264 elementor-widget__width-initial elementor-widget elementor-widget-heading\" data-id=\"139a264\" data-element_type=\"widget\" data-widget_type=\"heading.default\">\n\t\t\t\t\t<h2 class=\"elementor-heading-title elementor-size-default\">Reformas de interior para comunidades de vecinos\n<\/h2>\t\t\t\t<\/div>\n\t\t\t\t<div class=\"elementor-element elementor-element-06004dd elementor-widget__width-initial elementor-widget elementor-widget-text-editor\" data-id=\"06004dd\" data-element_type=\"widget\" data-widget_type=\"text-editor.default\">\n\t\t\t\t\t\t\t\t\t<p><span style=\"font-weight: 400;\">Somos expertos en reformas de interiores para comunidades de vecinos. Ofrecemos soluciones para renovar los espacios comunes y garantizar su buen estado y funcionalidad:<\/span><\/p>\t\t\t\t\t\t\t\t<\/div>\n\t\t<div class=\"elementor-element elementor-element-77614ac e-grid e-con-full e-con e-child\" data-id=\"77614ac\" data-element_type=\"container\">\n\t\t<div class=\"elementor-element elementor-element-710dfa0 e-con-full e-flex e-con e-child\" data-id=\"710dfa0\" data-element_type=\"container\">\n\t\t\t\t<div class=\"elementor-element elementor-element-a17c194 elementor-widget__width-auto elementor-absolute elementor-widget elementor-widget-heading\" data-id=\"a17c194\" data-element_type=\"widget\" data-settings=\"{&quot;_position&quot;:&quot;absolute&quot;}\" data-widget_type=\"heading.default\">\n\t\t\t\t\t<span class=\"elementor-heading-title elementor-size-default\">01<\/span>\t\t\t\t<\/div>\n\t\t\t\t<div class=\"elementor-element elementor-element-aa67b0f jkit-equal-height-enable elementor-widget__width-inherit elementor-widget elementor-widget-jkit_icon_box\" data-id=\"aa67b0f\" data-element_type=\"widget\" data-widget_type=\"jkit_icon_box.default\">\n\t\t\t\t<div class=\"elementor-widget-container\">\n\t\t\t\t\t<div  class=\"jeg-elementor-kit jkit-icon-box icon-position- elementor-animation- jeg_module___69ee468b4be80\" ><a href=\"\" class=\"icon-box-link\" aria-label=\"Saber m\u00e1s\"><div class=\"jkit-icon-box-wrapper hover-from-left\"><div class=\"icon-box icon-box-header elementor-animation-\"><div class=\"icon style-color\"><i aria-hidden=\"true\" class=\"jki jki-engineer-light\"><\/i><\/div><\/div><div class=\"icon-box icon-box-body\">\n                <h3 class=\"title\">Renovaci\u00f3n de portales, escaleras y pasillos<\/h3><p class=\"icon-box-description\">Mejoramos el aspecto y seguridad de los accesos al edificio.\n\n\n<\/p>\n            <\/div>\n            \n            <\/div><\/a><\/div>\t\t\t\t<\/div>\n\t\t\t\t<\/div>\n\t\t\t\t<\/div>\n\t\t<div class=\"elementor-element elementor-element-270d0c5 e-con-full e-flex e-con e-child\" data-id=\"270d0c5\" data-element_type=\"container\">\n\t\t\t\t<div class=\"elementor-element elementor-element-a0c8c45 jkit-equal-height-enable elementor-widget__width-inherit elementor-widget elementor-widget-jkit_icon_box\" data-id=\"a0c8c45\" data-element_type=\"widget\" data-widget_type=\"jkit_icon_box.default\">\n\t\t\t\t<div class=\"elementor-widget-container\">\n\t\t\t\t\t<div  class=\"jeg-elementor-kit jkit-icon-box icon-position- elementor-animation- jeg_module__1_69ee468b4c4ae\" ><div class=\"jkit-icon-box-wrapper hover-from-left\"><div class=\"icon-box icon-box-header elementor-animation-\"><div class=\"icon style-color\"><i aria-hidden=\"true\" class=\"jki jki-Helmet-light\"><\/i><\/div><\/div><div class=\"icon-box icon-box-body\">\n                <h3 class=\"title\">Reformas de zonas <br>de servicio<\/h3><p class=\"icon-box-description\">Incluimos la renovaci\u00f3n de trasteros, s\u00f3tanos y otros espacios utilitarios.\n\n\n<\/p>\n            <\/div>\n            \n            <\/div><\/div>\t\t\t\t<\/div>\n\t\t\t\t<\/div>\n\t\t\t\t<div class=\"elementor-element elementor-element-bc2fb05 elementor-widget__width-auto elementor-absolute elementor-widget elementor-widget-heading\" data-id=\"bc2fb05\" data-element_type=\"widget\" data-settings=\"{&quot;_position&quot;:&quot;absolute&quot;}\" data-widget_type=\"heading.default\">\n\t\t\t\t\t<h2 class=\"elementor-heading-title elementor-size-default\">02<\/h2>\t\t\t\t<\/div>\n\t\t\t\t<\/div>\n\t\t<div class=\"elementor-element elementor-element-6aece74 e-con-full e-flex e-con e-child\" data-id=\"6aece74\" data-element_type=\"container\">\n\t\t\t\t<div class=\"elementor-element elementor-element-7b043d5 jkit-equal-height-enable elementor-widget__width-inherit elementor-widget elementor-widget-jkit_icon_box\" data-id=\"7b043d5\" data-element_type=\"widget\" data-widget_type=\"jkit_icon_box.default\">\n\t\t\t\t<div class=\"elementor-widget-container\">\n\t\t\t\t\t<div  class=\"jeg-elementor-kit jkit-icon-box icon-position- elementor-animation- jeg_module__2_69ee468b4c772\" ><div class=\"jkit-icon-box-wrapper hover-from-left\"><div class=\"icon-box icon-box-header elementor-animation-\"><div class=\"icon style-color\"><i aria-hidden=\"true\" class=\"jki jki-consut2-light\"><\/i><\/div><\/div><div class=\"icon-box icon-box-body\">\n                <h3 class=\"title\">Instalaci\u00f3n de falsos techos, suelos t\u00e9cnicos y otros elementos<\/h3><p class=\"icon-box-description\"> Optimizamos el espacio con materiales modernos y funcionales.\n\n\n<\/p>\n            <\/div>\n            \n            <\/div><\/div>\t\t\t\t<\/div>\n\t\t\t\t<\/div>\n\t\t\t\t<div class=\"elementor-element elementor-element-5b2abe9 elementor-widget__width-auto elementor-absolute elementor-widget elementor-widget-heading\" data-id=\"5b2abe9\" data-element_type=\"widget\" data-settings=\"{&quot;_position&quot;:&quot;absolute&quot;}\" data-widget_type=\"heading.default\">\n\t\t\t\t\t<h2 class=\"elementor-heading-title elementor-size-default\">03<\/h2>\t\t\t\t<\/div>\n\t\t\t\t<\/div>\n\t\t\t\t<\/div>\n\t\t\t\t\t<\/div>\n\t\t\t\t<\/div>\n\t\t<div class=\"elementor-element elementor-element-3c04edc e-flex e-con-boxed e-con e-parent\" data-id=\"3c04edc\" data-element_type=\"container\">\n\t\t\t\t\t<div class=\"e-con-inner\">\n\t\t\t\t<div class=\"elementor-element elementor-element-f9827b9 elementor-widget__width-initial elementor-widget elementor-widget-heading\" data-id=\"f9827b9\" data-element_type=\"widget\" data-widget_type=\"heading.default\">\n\t\t\t\t\t<h2 class=\"elementor-heading-title elementor-size-default\">Reformas de exterior para zonas comunitarias\n<\/h2>\t\t\t\t<\/div>\n\t\t\t\t<div class=\"elementor-element elementor-element-c8317a1 elementor-widget__width-initial elementor-widget elementor-widget-text-editor\" data-id=\"c8317a1\" data-element_type=\"widget\" data-widget_type=\"text-editor.default\">\n\t\t\t\t\t\t\t\t\t<p><span style=\"font-weight: 400;\">Puedes confiar en nosotros para mejorar el exterior de tu edificio con reformas eficientes y duraderas:<\/span><\/p>\t\t\t\t\t\t\t\t<\/div>\n\t\t<div class=\"elementor-element elementor-element-bcaa211 e-grid e-con-full e-con e-child\" data-id=\"bcaa211\" data-element_type=\"container\">\n\t\t\t\t<div class=\"elementor-element elementor-element-cc724b7 jkit-equal-height-disable elementor-widget elementor-widget-jkit_icon_box\" data-id=\"cc724b7\" data-element_type=\"widget\" data-widget_type=\"jkit_icon_box.default\">\n\t\t\t\t<div class=\"elementor-widget-container\">\n\t\t\t\t\t<div  class=\"jeg-elementor-kit jkit-icon-box icon-position- elementor-animation- jeg_module__3_69ee468b4cb60\" ><div class=\"jkit-icon-box-wrapper hover-from-left\"><div class=\"icon-box icon-box-header elementor-animation-\"><div class=\"icon style-color\"><i aria-hidden=\"true\" class=\"jki jki-badge-light\"><\/i><\/div><\/div><div class=\"icon-box icon-box-body\">\n                <h2 class=\"title\">Renovaci\u00f3n de fachadas<\/h2><p class=\"icon-box-description\">Reparamos, limpiamos y pintamos fachadas para restaurar el aspecto original o modernizarlo.\n<\/p>\n            <\/div>\n            \n            <\/div><\/div>\t\t\t\t<\/div>\n\t\t\t\t<\/div>\n\t\t\t\t<div class=\"elementor-element elementor-element-7640440 jkit-equal-height-disable elementor-widget elementor-widget-jkit_icon_box\" data-id=\"7640440\" data-element_type=\"widget\" data-widget_type=\"jkit_icon_box.default\">\n\t\t\t\t<div class=\"elementor-widget-container\">\n\t\t\t\t\t<div  class=\"jeg-elementor-kit jkit-icon-box icon-position- elementor-animation- jeg_module__4_69ee468b4cddd\" ><div class=\"jkit-icon-box-wrapper hover-from-left\"><div class=\"icon-box icon-box-header elementor-animation-\"><div class=\"icon style-color\"><i aria-hidden=\"true\" class=\"jki jki-building-light\"><\/i><\/div><\/div><div class=\"icon-box icon-box-body\">\n                <h2 class=\"title\">Reformas de azoteas y cubiertas<\/h2><p class=\"icon-box-description\">Evitamos filtraciones y mejoramos el aislamiento de tu comunidad.\n<\/p>\n            <\/div>\n            \n            <\/div><\/div>\t\t\t\t<\/div>\n\t\t\t\t<\/div>\n\t\t\t\t<div class=\"elementor-element elementor-element-d85e38c jkit-equal-height-disable elementor-widget elementor-widget-jkit_icon_box\" data-id=\"d85e38c\" data-element_type=\"widget\" data-widget_type=\"jkit_icon_box.default\">\n\t\t\t\t<div class=\"elementor-widget-container\">\n\t\t\t\t\t<div  class=\"jeg-elementor-kit jkit-icon-box icon-position- elementor-animation- jeg_module__5_69ee468b4d04b\" ><div class=\"jkit-icon-box-wrapper hover-from-left\"><div class=\"icon-box icon-box-header elementor-animation-\"><div class=\"icon style-color\"><i aria-hidden=\"true\" class=\"jki jki-brickwall-light\"><\/i><\/div><\/div><div class=\"icon-box icon-box-body\">\n                <h2 class=\"title\">Mejora de la iluminaci\u00f3n exterior<\/h2><p class=\"icon-box-description\">Instalamos sistemas de iluminaci\u00f3n eficientes para aumentar la seguridad del edificio.\n\n\n\n\n<\/p>\n            <\/div>\n            \n            <\/div><\/div>\t\t\t\t<\/div>\n\t\t\t\t<\/div>\n\t\t\t\t<\/div>\n\t\t\t\t\t<\/div>\n\t\t\t\t<\/div>\n\t\t<div class=\"elementor-element elementor-element-c9a8fe9 e-flex e-con-boxed e-con e-parent\" data-id=\"c9a8fe9\" data-element_type=\"container\" data-settings=\"{&quot;background_background&quot;:&quot;classic&quot;}\">\n\t\t\t\t\t<div class=\"e-con-inner\">\n\t\t<div class=\"elementor-element elementor-element-36bb90e e-con-full e-flex e-con e-child\" data-id=\"36bb90e\" data-element_type=\"container\">\n\t\t\t\t<div class=\"elementor-element elementor-element-6a36eb2 elementor-widget elementor-widget-heading\" data-id=\"6a36eb2\" data-element_type=\"widget\" data-widget_type=\"heading.default\">\n\t\t\t\t\t<h2 class=\"elementor-heading-title elementor-size-default\">Miembro del Gremio de Constructores\n<\/h2>\t\t\t\t<\/div>\n\t\t\t\t<div class=\"elementor-element elementor-element-928f3b9 elementor-widget elementor-widget-text-editor\" data-id=\"928f3b9\" data-element_type=\"widget\" data-widget_type=\"text-editor.default\">\n\t\t\t\t\t\t\t\t\t<p><strong data-start=\"180\" data-end=\"274\">Xavi Tany\u00e0 Serveis Integrals est\u00e1 agremiado en el Gremio de Constructores de Sabadell y Comarca.<\/strong><br data-start=\"274\" data-end=\"277\" \/>Esta afiliaci\u00f3n refleja nuestro compromiso con la calidad, profesionalidad y sector de la construcci\u00f3n.<\/p>\t\t\t\t\t\t\t\t<\/div>\n\t\t\t\t<\/div>\n\t\t<div class=\"elementor-element elementor-element-8e5aace e-con-full e-flex e-con e-child\" data-id=\"8e5aace\" data-element_type=\"container\">\n\t\t\t\t<div class=\"elementor-element elementor-element-4df46ca elementor-widget-mobile__width-inherit elementor-widget elementor-widget-image\" data-id=\"4df46ca\" data-element_type=\"widget\" data-widget_type=\"image.default\">\n\t\t\t\t\t\t\t\t\t\t\t\t\t\t\t<img fetchpriority=\"high\" decoding=\"async\" width=\"341\" height=\"228\" src=\"https:\/\/xavitanyaserveisintegrals.com\/wp-content\/uploads\/2025\/04\/imagen_2025-04-14_153337162-e1745498500952.png\" class=\"attachment-full size-full wp-image-646\" alt=\"\" srcset=\"https:\/\/xavitanyaserveisintegrals.com\/wp-content\/uploads\/2025\/04\/imagen_2025-04-14_153337162-e1745498500952.png 341w, https:\/\/xavitanyaserveisintegrals.com\/wp-content\/uploads\/2025\/04\/imagen_2025-04-14_153337162-e1745498500952-300x201.png 300w\" sizes=\"(max-width: 341px) 100vw, 341px\" \/>\t\t\t\t\t\t\t\t\t\t\t\t\t\t\t<\/div>\n\t\t\t\t<\/div>\n\t\t\t\t\t<\/div>\n\t\t\t\t<\/div>\n\t\t\t\t<\/div>","protected":false},"excerpt":{"rendered":"<p>Reformes per a comunitats de ve\u00efns: Millorem el teu espai com\u00fa Ens encarreguem de la renovaci\u00f3 i millora dels espais comuns de les comunitats, oferint solucions eficients que milloren la seguretat, la funcionalitat i l&#8217;est\u00e8tica dels immobles. Sabem que cada comunitat t\u00e9 les seves necessitats espec\u00edfiques, i per aix\u00f2 oferim un servei personalitzat i adaptat [&hellip;]<\/p>","protected":false},"author":2,"featured_media":0,"parent":14,"menu_order":0,"comment_status":"closed","ping_status":"closed","template":"","meta":{"footnotes":""},"class_list":["post-18","page","type-page","status-publish","hentry"],"_links":{"self":[{"href":"https:\/\/xavitanyaserveisintegrals.com\/es\/wp-json\/wp\/v2\/pages\/18","targetHints":{"allow":["GET"]}}],"collection":[{"href":"https:\/\/xavitanyaserveisintegrals.com\/es\/wp-json\/wp\/v2\/pages"}],"about":[{"href":"https:\/\/xavitanyaserveisintegrals.com\/es\/wp-json\/wp\/v2\/types\/page"}],"author":[{"embeddable":true,"href":"https:\/\/xavitanyaserveisintegrals.com\/es\/wp-json\/wp\/v2\/users\/2"}],"replies":[{"embeddable":true,"href":"https:\/\/xavitanyaserveisintegrals.com\/es\/wp-json\/wp\/v2\/comments?post=18"}],"version-history":[{"count":28,"href":"https:\/\/xavitanyaserveisintegrals.com\/es\/wp-json\/wp\/v2\/pages\/18\/revisions"}],"predecessor-version":[{"id":1345,"href":"https:\/\/xavitanyaserveisintegrals.com\/es\/wp-json\/wp\/v2\/pages\/18\/revisions\/1345"}],"up":[{"embeddable":true,"href":"https:\/\/xavitanyaserveisintegrals.com\/es\/wp-json\/wp\/v2\/pages\/14"}],"wp:attachment":[{"href":"https:\/\/xavitanyaserveisintegrals.com\/es\/wp-json\/wp\/v2\/media?parent=18"}],"curies":[{"name":"wp","href":"https:\/\/api.w.org\/{rel}","templated":true}]}}