{"id":37,"date":"2025-03-01T00:57:01","date_gmt":"2025-03-01T00:57:01","guid":{"rendered":"https:\/\/xavitanyaserveisintegrals.com\/?page_id=37"},"modified":"2025-03-03T18:22:25","modified_gmt":"2025-03-03T18:22:25","slug":"politica-de-privacidad","status":"publish","type":"page","link":"https:\/\/xavitanyaserveisintegrals.com\/es\/politica-de-privacidad\/","title":{"rendered":"Pol\u00edtica de Privacidad"},"content":{"rendered":"<div data-elementor-type=\"wp-page\" data-elementor-id=\"37\" class=\"elementor elementor-37\" data-elementor-post-type=\"page\">\n\t\t\t\t<div class=\"elementor-element elementor-element-3f6716b6 e-flex e-con-boxed e-con e-parent\" data-id=\"3f6716b6\" data-element_type=\"container\">\n\t\t\t\t\t<div class=\"e-con-inner\">\n\t\t\t\t<div class=\"elementor-element elementor-element-36548d17 elementor-widget elementor-widget-text-editor\" data-id=\"36548d17\" data-element_type=\"widget\" data-widget_type=\"text-editor.default\">\n\t\t\t\t\t\t\t\t\t\n<h3 class=\"wp-block-heading\"><strong>1.- INFORMACI\u00d3N AL USUARIO<\/strong><\/h3>\n\n\n\n<p>El sitio web informa a los usuarios del sitio web sobre su pol\u00edtica respecto al tratamiento y protecci\u00f3n de los datos de car\u00e1cter personal de los usuarios y clientes que puedan ser solicitados durante la navegaci\u00f3n por su sitio web.<\/p>\n\n\n\n<p>El sitio web es el Responsable del tratamiento de los datos personales del usuario, por lo que se le facilita la siguiente informaci\u00f3n referente al tratamiento de sus datos:<\/p>\n\n\n\n<p><strong>Criterios de conservaci\u00f3n de los datos:<\/strong>&nbsp;Los datos personales proporcionados se conservar\u00e1n hasta que el interesado no solicite su suspensi\u00f3n, ejerciendo sus derechos sobre los datos, y en cualquier caso en cumplimiento de los plazos legales de prescripci\u00f3n que le sean de aplicaci\u00f3n.<\/p>\n\n\n\n<p><strong>Derechos de los interesados:<\/strong><\/p>\n\n\n\n<ul class=\"wp-block-list\">\n<li>Derecho a retirar su consentimiento en cualquier momento.<\/li>\n\n\n\n<li>Derecho de acceso, rectificaci\u00f3n, supresi\u00f3n, portabilidad de sus datos, as\u00ed como la limitaci\u00f3n u oposici\u00f3n a su tratamiento, ya no ser objeto de decisiones individuales automatizadas.<\/li>\n<\/ul>\n\n\n\n<p><strong>Datos de contacto para ejercer sus derechos:<\/strong><br>Debe identificarse debidamente y solicitar claramente el derecho que se quiere ejercer.<\/p>\n\n\n\n<ul class=\"wp-block-list\">\n<li><em>Xavi Tany\u00e0 Servicios Integrales<\/em><\/li>\n\n\n\n<li><em>Plaza del Valles 26 Bajos 3\u00aa N\u00ba 25 08201<\/em><\/li>\n\n\n\n<li><em>Sabadell<\/em><\/li>\n\n\n\n<li><em>Tel\/Fax 93 716 82 64<\/em><\/li>\n\n\n\n<li><em>Xavi Tany\u00e0 Farre 629 26 26 96<\/em><\/li>\n\n\n\n<li>Mail:\u00a0<a href=\"mailto:albertgasno@gmail.com\"><a href=\"mailto:albertgasno@gmail.com\">xavitanya@gmail.com<\/a><\/a><\/li>\n<\/ul>\n\n\n\n<h3 class=\"wp-block-heading\"><strong>2.- INFORMACI\u00d3N FACILITADA POR EL USUARIO<\/strong><\/h3>\n\n\n\n<p>Si es menor de 18 a\u00f1os, no est\u00e1 permitido el uso de formularios en nuestra web.<\/p>\n\n\n\n<p>Los Usuarios, introduciendo sus datos en los formularios de contacto o presentados en formularios de descarga, aceptan expresa y libremente e inequ\u00edvocamente, que sus datos son necesarios para atender su petici\u00f3n por parte del Responsable, siendo voluntaria la inclusi\u00f3n de datos en los campos restantes.<\/p>\n\n\n\n<p>El Usuario garantiza que los datos personales facilitados son ver\u00eddicos y se hace responsable de comunicar cualquier modificaci\u00f3n.<\/p>\n\n\n\n<p>Todos los datos solicitados a trav\u00e9s del sitio web son necesarios para prestar un servicio \u00f3ptimo al Usuario. En caso de que no se faciliten todos los datos, no se garantiza que la informaci\u00f3n y servicios que el Responsable le facilite se ajusten completamente a sus necesidades.<\/p>\n\n\n\n<h3 class=\"wp-block-heading\"><strong>3.- MEDIDAS DE SEGURIDAD<\/strong><\/h3>\n\n\n\n<p>De conformidad con lo dispuesto en las normativas vigentes en materia de protecci\u00f3n de datos personales, el Responsable cumple con todas las disposiciones de las normativas RGPD y LOPD para el tratamiento de los datos personales bajo su responsabilidad, las cuales son tratadas de forma l\u00edcita, leal y transparente en relaci\u00f3n con el interesado, y adecuadas, pertinentes y limitadas a lo necesario en relaci\u00f3n con lo necesario en relaci\u00f3n con lo necesario.<\/p>\n\n\n\n<p>El Responsable garantiza que ha implementado pol\u00edticas t\u00e9cnicas y organizativas adecuadas para aplicar las medidas de seguridad establecidas por el RGPD y la LOPD para proteger los derechos y libertades de los Usuarios, comunic\u00e1ndoles la informaci\u00f3n adecuada para que puedan ejercerlos.<\/p>\n\n\n\n<h3 class=\"wp-block-heading\"><strong>4.- BRECHAS DE SEGURIDAD<\/strong><\/h3>\n\n\n\n<p>El Responsable informar\u00e1 sobre cualquier brecha de seguridad que afecte a la base de datos utilizada por este sitio web, o que afecte a cualquiera de nuestros servicios de terceros, a todas y cada una de las personas cuyos datos puedan haber sido afectados, as\u00ed como a las autoridades, dentro de las 72 horas siguientes a la detecci\u00f3n de la brecha.<\/p>\n\n\n\n<h3 class=\"wp-block-heading\"><strong>LEGISLACI\u00d3N APLICABLE Y JURISDICCI\u00d3N<\/strong><\/h3>\n\n\n\n<p>Para la resoluci\u00f3n de todas las controversias o cuestiones relacionadas con este sitio web o con las actividades que se desarrollen, ser\u00e1 de aplicaci\u00f3n la legislaci\u00f3n espa\u00f1ola, a la que se someten expresamente las partes, siendo competentes para la resoluci\u00f3n de todos los conflictos derivados o relacionados con el uso los Juzgados y Tribunales de Barcelona.<\/p>\n\n\n\n<p><\/p>\n\t\t\t\t\t\t\t\t<\/div>\n\t\t\t\t\t<\/div>\n\t\t\t\t<\/div>\n\t\t\t\t<\/div>","protected":false},"excerpt":{"rendered":"<p>1.- INFORMACI\u00d3N AL USUARIO El sitio web informa a los usuarios del sitio web sobre su pol\u00edtica respecto al tratamiento y protecci\u00f3n de los datos de car\u00e1cter personal de los usuarios y clientes que puedan ser solicitados durante la navegaci\u00f3n por su sitio web. El sitio web es el Responsable del tratamiento de los datos personales [\u2026]<\/p>","protected":false},"author":2,"featured_media":0,"parent":0,"menu_order":0,"comment_status":"closed","ping_status":"closed","template":"","meta":{"footnotes":""},"class_list":["post-37","page","type-page","status-publish","hentry"],"_links":{"self":[{"href":"https:\/\/xavitanyaserveisintegrals.com\/es\/wp-json\/wp\/v2\/pages\/37","targetHints":{"allow":["GET"]}}],"collection":[{"href":"https:\/\/xavitanyaserveisintegrals.com\/es\/wp-json\/wp\/v2\/pages"}],"about":[{"href":"https:\/\/xavitanyaserveisintegrals.com\/es\/wp-json\/wp\/v2\/types\/page"}],"author":[{"embeddable":true,"href":"https:\/\/xavitanyaserveisintegrals.com\/es\/wp-json\/wp\/v2\/users\/2"}],"replies":[{"embeddable":true,"href":"https:\/\/xavitanyaserveisintegrals.com\/es\/wp-json\/wp\/v2\/comments?post=37"}],"version-history":[{"count":6,"href":"https:\/\/xavitanyaserveisintegrals.com\/es\/wp-json\/wp\/v2\/pages\/37\/revisions"}],"predecessor-version":[{"id":462,"href":"https:\/\/xavitanyaserveisintegrals.com\/es\/wp-json\/wp\/v2\/pages\/37\/revisions\/462"}],"wp:attachment":[{"href":"https:\/\/xavitanyaserveisintegrals.com\/es\/wp-json\/wp\/v2\/media?parent=37"}],"curies":[{"name":"wp","href":"https:\/\/api.w.org\/{rel}","templated":true}]}}